{"id":4521,"date":"2015-05-21T21:26:42","date_gmt":"2015-05-21T21:26:42","guid":{"rendered":"http:\/\/www.andoaindarraeuskaraz.eus\/?page_id=4521"},"modified":"2023-05-08T09:19:59","modified_gmt":"2023-05-08T09:19:59","slug":"formacion-profesional","status":"publish","type":"page","link":"https:\/\/www.andoaindarraeuskaraz.eus\/es\/ninos-y-jovenes\/formacion-profesional\/","title":{"rendered":"Formaci\u00f3n profesional"},"content":{"rendered":"<p><\/p>\n<p style=\"text-align: right;\">\n<div class=\"gdlr-shortcode-wrapper gdlr-row-shortcode\">El ayuntamiento de Andoain te recomiendan que <strong>curses en euskera<\/strong> tus estudios de Formaci\u00f3n Profesional, pues as\u00ed obtendr\u00e1s una mejor preparaci\u00f3n para tu futuro profesional y podr\u00e1s trabajar en cualquiera de los dos idiomas oficiales de este pa\u00eds.<\/p>\n<p>Cada vez resulta m\u00e1s necesario dominar bien ambas lenguas para trabajar, tanto en la administraci\u00f3n (en<a href=\"https:\/\/www.andoaindarraeuskaraz.eus\/wp-content\/uploads\/2023\/05\/irudia-2023.jpg\"><img loading=\"lazy\" class=\"wp-image-9645 alignleft\" src=\"https:\/\/www.andoaindarraeuskaraz.eus\/wp-content\/uploads\/2023\/05\/irudia-2023.jpg\" alt=\"\" width=\"423\" height=\"388\" srcset=\"https:\/\/www.andoaindarraeuskaraz.eus\/wp-content\/uploads\/2023\/05\/irudia-2023.jpg 597w, https:\/\/www.andoaindarraeuskaraz.eus\/wp-content\/uploads\/2023\/05\/irudia-2023-300x275.jpg 300w\" sizes=\"(max-width: 423px) 100vw, 423px\" \/><\/a>\u00a0los ayuntamientos, en la Diputaci\u00f3n, en el Gobierno Vasco, en EITB &#8230;) como en las empresas. De hecho, adem\u00e1s de la administraci\u00f3n, son cada vez m\u00e1s las empresas que est\u00e1n normalizando el uso del euskera en su actividad diaria, bien sea para ofrecer un mejor servicio a los clientes, bien para convertirla en lengua habitual en las relaciones internas entre los trabajadores de la empresa.<\/p>\n<div class=\"clear\"><\/div>\n<\/div>\n<p><a href=\"https:\/\/www.andoaindarraeuskaraz.eus\/wp-content\/uploads\/2023\/05\/eskuorriaLH-2023-2024.pdf\"><span style=\"color: #0000ff;\"><b>Folleto informativo curso 2023-24<\/b><\/span><\/a><\/p>\n<div class=\"gdlr-shortcode-wrapper gdlr-row-shortcode\">\n<p>Puedes obtener m\u00e1s informaci\u00f3n en las web de las asociaciones de centros de formaci\u00f3n profesional, <span style=\"color: #3366ff;\"><a style=\"color: #3366ff;\" href=\"http:\/\/www.ikaslangipuzkoa.eus\/es?set_language=es\">Ikaslan Gipuzkoa<\/a><\/span>, y <span style=\"color: #3366ff;\"><a style=\"color: #3366ff;\" href=\"http:\/\/www.hetel.org\/index.php\/es\/\">HETEL<\/a><\/span><\/p>\n<div class=\"clear\"><\/div>\n<\/div>\n<p>Formaci\u00f3n DUAL en euskera: <span style=\"color: #0000ff;\"><strong><a style=\"color: #0000ff;\" href=\"https:\/\/lhdualaeuskaraz.eus\/es\/\">Informaci\u00f3n<\/a><\/strong><\/span><\/p>","protected":false},"excerpt":{"rendered":"<p>Folleto informativo curso 2023-24 Formaci\u00f3n DUAL en euskera: Informaci\u00f3n<\/p>\n","protected":false},"author":1,"featured_media":0,"parent":4468,"menu_order":4,"comment_status":"closed","ping_status":"open","template":"","meta":[],"_links":{"self":[{"href":"https:\/\/www.andoaindarraeuskaraz.eus\/es\/wp-json\/wp\/v2\/pages\/4521"}],"collection":[{"href":"https:\/\/www.andoaindarraeuskaraz.eus\/es\/wp-json\/wp\/v2\/pages"}],"about":[{"href":"https:\/\/www.andoaindarraeuskaraz.eus\/es\/wp-json\/wp\/v2\/types\/page"}],"author":[{"embeddable":true,"href":"https:\/\/www.andoaindarraeuskaraz.eus\/es\/wp-json\/wp\/v2\/users\/1"}],"replies":[{"embeddable":true,"href":"https:\/\/www.andoaindarraeuskaraz.eus\/es\/wp-json\/wp\/v2\/comments?post=4521"}],"version-history":[{"count":11,"href":"https:\/\/www.andoaindarraeuskaraz.eus\/es\/wp-json\/wp\/v2\/pages\/4521\/revisions"}],"predecessor-version":[{"id":9647,"href":"https:\/\/www.andoaindarraeuskaraz.eus\/es\/wp-json\/wp\/v2\/pages\/4521\/revisions\/9647"}],"up":[{"embeddable":true,"href":"https:\/\/www.andoaindarraeuskaraz.eus\/es\/wp-json\/wp\/v2\/pages\/4468"}],"wp:attachment":[{"href":"https:\/\/www.andoaindarraeuskaraz.eus\/es\/wp-json\/wp\/v2\/media?parent=4521"}],"curies":[{"name":"wp","href":"https:\/\/api.w.org\/{rel}","templated":true}]}}