{"id":9529,"date":"2023-04-03T10:59:36","date_gmt":"2023-04-03T10:59:36","guid":{"rendered":"https:\/\/www.andoaindarraeuskaraz.eus\/?page_id=9529"},"modified":"2025-04-14T09:54:19","modified_gmt":"2025-04-14T09:54:19","slug":"castellano-webguneak-eta-programa-informatikoak-euskaraz-jartzeko","status":"publish","type":"page","link":"https:\/\/www.andoaindarraeuskaraz.eus\/es\/ayudas-economicas\/comercio\/webguneak-eta-programa-informatikoak-euskaraz-jartzeko\/","title":{"rendered":"P\u00e1ginas web y programas inform\u00e1ticos"},"content":{"rendered":"<p><\/p>\n<h4><a href=\"https:\/\/www.andoaindarraeuskaraz.eus\/wp-content\/uploads\/2025\/04\/BesteDirulag_DEI_2025.pdf\">CONVOCATORIA 2025<\/a><\/h4>\n<h4><strong>SUBVENCIONES PARA LA ELABORACI\u00d3N DE P\u00c1GINAS WEB Y PROGRAMAS INFORM\u00c1TICOS EN EUSKERA<\/strong><\/h4>\n<p><strong><em>Objeto<\/em><\/strong><\/p>\n<p>El objeto de estas subvenciones es la promoci\u00f3n \u00a0de los sitios web y programas inform\u00e1ticos elaborados en euskara de los que hagan uso las empresas y establecimientos de comercio y hosteler\u00eda de Andoain en su actividad diaria o para informaci\u00f3n a sus clientes.<\/p>\n<div class=\"gdlr-shortcode-wrapper\"><div class=\"gdlr-item gdlr-accordion-item style-1\"  ><div class=\"accordion-tab\" ><h4 class=\"accordion-title\" ><i class=\"icon-plus\" ><\/i><span>REQUISITOS<\/span><\/h4><div class=\"accordion-content\"><\/p>\n<ul>\n<li>La empresa o establecimiento comercial deber\u00e1 estar ubicado en el municipio de Andoain.<\/li>\n<li>Que no haya transcurrido un a\u00f1o desde el momento de la inversi\u00f3n subvencionable en la implantaci\u00f3n o renovaci\u00f3n de p\u00e1ginas web y programas inform\u00e1ticos, hasta el momento de la solicitud de la subvenci\u00f3n.<\/li>\n<li>Todos los contenidos tendr\u00e1n que estar, al menos, en euskera. Esto no impide que tambi\u00e9n est\u00e9n en otros idiomas.<\/li>\n<li>Sera imprescindible la calidad y correcci\u00f3n en el uso del idioma.<\/li>\n<li>La\/el solicitante se comprometer\u00e1 a que dicha p\u00e1gina web mantenga en adelante los contenidos y caracter\u00edsticas por las que fue subvencionada, abandonando toda posibilidad de que sea exclusivamente en un solo idioma, a excepci\u00f3n del euskera.<\/li>\n<li>Tanto las im\u00e1genes como los textos que se recojan en las p\u00e1ginas web y en los programas inform\u00e1ticos subvencionados, tendr\u00e1n car\u00e1cter no-sexista.<\/li>\n<\/ul>\n<p>\n<\/div><\/div><div class=\"accordion-tab\" ><h4 class=\"accordion-title\" ><i class=\"icon-plus\" ><\/i><span>CARACTER\u00cdSTICAS DE LAS AYUDAS<\/span><\/h4><div class=\"accordion-content\"><p>.<\/p>\n<ul>\n<li>Sitios web \u00edntegramente en euskera, o de car\u00e1cter pluriling\u00fce, en los que a la p\u00e1gina web en euskera, se le d\u00e9, cuando menos igual tratamiento al que se conceda en las otras lenguas, priorizando en la primera p\u00e1gina la p\u00e1gina en euskera: el 50% del coste, con un l\u00edmite de 500 euros por solicitante.<\/li>\n<li>Sitios pluriling\u00fces, dando al euskera, al menos, el mismo tratamiento que se d\u00e9 a los dem\u00e1s idiomas, pero sin priorizar la versi\u00f3n en euskera en la primera p\u00e1gina: 30% del coste, con un l\u00edmite de 250 euros por solicitante.<\/li>\n<\/ul>\n<p><strong>En el caso de programas inform\u00e1ticos:<\/strong><\/p>\n<p>Si el programa es \u00edntegramente en euskera la ayuda ser\u00e1 del 50% del coste con un m\u00e1ximo de 300 euros, y si es pluriling\u00fce del 30%, con un m\u00e1ximo de 180 euros por solicitante.<\/p>\n<p>La cantidad abonada en concepto de IVA s\u00f3lo ser\u00e1 subvencionable si la persona o empresa solicitante acredita no estar obligada\/o a realizar declaraci\u00f3n por este impuesto.<\/p>\n<p>Las empresas s\u00f3lo podr\u00e1n acceder a las subvenciones relativas a p\u00e1ginas Web una vez cada diez a\u00f1os. No existe tal l\u00edmite para los programas inform\u00e1ticos.<\/p>\n<p>\n<\/div><\/div><div class=\"accordion-tab\" ><h4 class=\"accordion-title\" ><i class=\"icon-plus\" ><\/i><span>SOLICITUDES<\/span><\/h4><div class=\"accordion-content\"><\/p>\n<p>Las personas solicitantes deber\u00e1n presentar el <strong><a href=\"https:\/\/www.andoaindarraeuskaraz.eus\/wp-content\/uploads\/2024\/08\/ESKA_merkataritza_BIETAN.doc\">IMPRESO DE SOLICITUD<\/a> <\/strong>correspondiente con su documentaci\u00f3n, <strong>desde el 22 de abril al 16 de junio de 2025<\/strong>.<\/p>\n<p>Las solicitudes podr\u00e1n presentarse a trav\u00e9s de los siguientes medios:<\/p>\n<ul>\n<li>Presencialmente, en el Servicio de Atenci\u00f3n Ciudadana ATARIA del Ayuntamiento de Andoain.<\/li>\n<li>A trav\u00e9s de los servicios telem\u00e1ticos del Ayuntamiento de Andoain<\/li>\n<li>En el registro de cualquier Administraci\u00f3n P\u00fablica (Ayuntamientos, Diputaciones, Comunidades Aut\u00f3nomas, Administraci\u00f3n del Estado o Entidades dependientes) siempre que se encuentre en el sistema SIR.<\/li>\n<li>Correos, en la oficina ORVE.<\/li>\n<li>En los t\u00e9rminos previstos en el art\u00edculo 16.4 de la Ley 39\/2015, de 1 de octubre, de Procedimiento Administrativo Com\u00fan de las Administraciones P\u00fablicas.<\/li>\n<\/ul>\n<p>\n<\/div><\/div><\/div><\/div>\n<p>&nbsp;<\/p>\n<p>[\/gdlr_tab]<br \/>\n[\/gdlr_accordion]<\/p>","protected":false},"excerpt":{"rendered":"<p>CONVOCATORIA 2025 SUBVENCIONES PARA LA ELABORACI\u00d3N DE P\u00c1GINAS WEB Y PROGRAMAS INFORM\u00c1TICOS EN EUSKERA Objeto El objeto de estas subvenciones es la promoci\u00f3n \u00a0de los sitios web y programas inform\u00e1ticos elaborados en euskara de los que hagan uso las empresas y establecimientos de comercio y hosteler\u00eda de Andoain en su actividad diaria o para informaci\u00f3n&#8230; <\/p>\n<div class=\"clear\"><\/div>\n<p><a href=\"https:\/\/www.andoaindarraeuskaraz.eus\/es\/ayudas-economicas\/comercio\/webguneak-eta-programa-informatikoak-euskaraz-jartzeko\/\" class=\"excerpt-read-more\">Read More<i class=\"fa fa-caret-right icon-caret-right\"><\/i><\/a><\/p>\n","protected":false},"author":1,"featured_media":0,"parent":5523,"menu_order":1,"comment_status":"closed","ping_status":"closed","template":"","meta":[],"_links":{"self":[{"href":"https:\/\/www.andoaindarraeuskaraz.eus\/es\/wp-json\/wp\/v2\/pages\/9529"}],"collection":[{"href":"https:\/\/www.andoaindarraeuskaraz.eus\/es\/wp-json\/wp\/v2\/pages"}],"about":[{"href":"https:\/\/www.andoaindarraeuskaraz.eus\/es\/wp-json\/wp\/v2\/types\/page"}],"author":[{"embeddable":true,"href":"https:\/\/www.andoaindarraeuskaraz.eus\/es\/wp-json\/wp\/v2\/users\/1"}],"replies":[{"embeddable":true,"href":"https:\/\/www.andoaindarraeuskaraz.eus\/es\/wp-json\/wp\/v2\/comments?post=9529"}],"version-history":[{"count":10,"href":"https:\/\/www.andoaindarraeuskaraz.eus\/es\/wp-json\/wp\/v2\/pages\/9529\/revisions"}],"predecessor-version":[{"id":10434,"href":"https:\/\/www.andoaindarraeuskaraz.eus\/es\/wp-json\/wp\/v2\/pages\/9529\/revisions\/10434"}],"up":[{"embeddable":true,"href":"https:\/\/www.andoaindarraeuskaraz.eus\/es\/wp-json\/wp\/v2\/pages\/5523"}],"wp:attachment":[{"href":"https:\/\/www.andoaindarraeuskaraz.eus\/es\/wp-json\/wp\/v2\/media?parent=9529"}],"curies":[{"name":"wp","href":"https:\/\/api.w.org\/{rel}","templated":true}]}}